{"version":"1.0","provider_name":"hoch.nachhaltig - Berge. Umwelt. Selbstwirksamkeit.","provider_url":"https:\/\/alpenlandmagazin.at\/hochnachhaltig","author_name":"ckrieh","author_url":"https:\/\/alpenlandmagazin.at\/hochnachhaltig\/author\/ckrieh\/","title":"So fett ist mein \u00f6kologischer Fu\u00dfabdruck - hoch.nachhaltig - Berge. Umwelt. Selbstwirksamkeit.","type":"rich","width":600,"height":338,"html":"<blockquote class=\"wp-embedded-content\" data-secret=\"zJM4HYaE4s\"><a href=\"https:\/\/alpenlandmagazin.at\/hochnachhaltig\/so-fett-ist-mein-oekologischer-fussabdruck\/\">So fett ist mein \u00f6kologischer Fu\u00dfabdruck<\/a><\/blockquote><iframe sandbox=\"allow-scripts\" security=\"restricted\" src=\"https:\/\/alpenlandmagazin.at\/hochnachhaltig\/so-fett-ist-mein-oekologischer-fussabdruck\/embed\/#?secret=zJM4HYaE4s\" width=\"600\" height=\"338\" title=\"&#8222;So fett ist mein \u00f6kologischer Fu\u00dfabdruck&#8220; &#8212; hoch.nachhaltig - Berge. Umwelt. Selbstwirksamkeit.\" data-secret=\"zJM4HYaE4s\" frameborder=\"0\" marginwidth=\"0\" marginheight=\"0\" scrolling=\"no\" class=\"wp-embedded-content\"><\/iframe><script>\n\/*! This file is auto-generated *\/\n!function(d,l){\"use strict\";l.querySelector&&d.addEventListener&&\"undefined\"!=typeof URL&&(d.wp=d.wp||{},d.wp.receiveEmbedMessage||(d.wp.receiveEmbedMessage=function(e){var t=e.data;if((t||t.secret||t.message||t.value)&&!\/[^a-zA-Z0-9]\/.test(t.secret)){for(var s,r,n,a=l.querySelectorAll('iframe[data-secret=\"'+t.secret+'\"]'),o=l.querySelectorAll('blockquote[data-secret=\"'+t.secret+'\"]'),c=new RegExp(\"^https?:$\",\"i\"),i=0;i<o.length;i++)o[i].style.display=\"none\";for(i=0;i<a.length;i++)s=a[i],e.source===s.contentWindow&&(s.removeAttribute(\"style\"),\"height\"===t.message?(1e3<(r=parseInt(t.value,10))?r=1e3:~~r<200&&(r=200),s.height=r):\"link\"===t.message&&(r=new URL(s.getAttribute(\"src\")),n=new URL(t.value),c.test(n.protocol))&&n.host===r.host&&l.activeElement===s&&(d.top.location.href=t.value))}},d.addEventListener(\"message\",d.wp.receiveEmbedMessage,!1),l.addEventListener(\"DOMContentLoaded\",function(){for(var e,t,s=l.querySelectorAll(\"iframe.wp-embedded-content\"),r=0;r<s.length;r++)(t=(e=s[r]).getAttribute(\"data-secret\"))||(t=Math.random().toString(36).substring(2,12),e.src+=\"#?secret=\"+t,e.setAttribute(\"data-secret\",t)),e.contentWindow.postMessage({message:\"ready\",secret:t},\"*\")},!1)))}(window,document);\n\/\/# sourceURL=https:\/\/alpenlandmagazin.at\/hochnachhaltig\/wp-includes\/js\/wp-embed.min.js\n<\/script>\n","thumbnail_url":"https:\/\/alpenlandmagazin.at\/hochnachhaltig\/wp-content\/uploads\/2024\/04\/Titel-e1713193111921.png","thumbnail_width":1164,"thumbnail_height":787,"description":"Ich berechne in diesem Video meinen \u00f6kologischen Fu\u00dfabdruck mit dem Rechner des Bundesministeriums. Wie fett wird er sein und wie viele Erden w\u00fcrde die Menschheit verbrauchen, wenn alle so leben w\u00fcrden wie ich? https:\/\/www.bmk.gv.at\/themen\/klima_umwelt\/nachhaltigkeit\/bildung\/fussabdruck_rechner.html"}