{"id":464,"date":"2026-08-13T12:16:13","date_gmt":"2026-08-13T10:16:13","guid":{"rendered":"https:\/\/alpenlandmagazin.at\/hochnachhaltig\/?page_id=464"},"modified":"2026-08-16T18:13:18","modified_gmt":"2026-08-16T16:13:18","slug":"nichtwegwischen","status":"publish","type":"page","link":"https:\/\/alpenlandmagazin.at\/hochnachhaltig\/nichtwegwischen\/","title":{"rendered":"#NichtWegwischen \u2013 Klimawandel: Fakten statt Ausreden"},"content":{"rendered":"\n<p class=\"wp-block-paragraph\"><strong>Den Klimawandel kann man ignorieren. Verschwinden wird er davon nicht.<\/strong><\/p>\n\n\n\n<p class=\"wp-block-paragraph\">Du kannst ein YouTube-Short mit einem Finger wegwischen.<\/p>\n\n\n\n<p class=\"wp-block-paragraph\">Du kannst eine unangenehme Nachricht wegklicken.<\/p>\n\n\n\n<p class=\"wp-block-paragraph\">Du kannst auch behaupten, der menschengemachte Klimawandel sei erfunden.<\/p>\n\n\n\n<p class=\"wp-block-paragraph\">Nur eines funktioniert nicht:<\/p>\n\n\n\n<p class=\"wp-block-paragraph\"><strong>Den Klimawandel wegwischen.<\/strong><\/p>\n\n\n\n<p class=\"wp-block-paragraph\">Deshalb gibt es <strong>#NichtWegwischen<\/strong>.<\/p>\n\n\n\n<p class=\"wp-block-paragraph\">Diese Seite soll niemanden dazu bringen, mir etwas zu glauben. Im Gegenteil: Hier findest Du Messdaten, wissenschaftliche Quellen und Antworten auf einige der h\u00e4ufigsten Argumente gegen den menschengemachten Klimawandel.<\/p>\n\n\n\n<p class=\"wp-block-paragraph\"><strong>Pr\u00fcfe die Quellen. Bilde Dir selbst eine Meinung. Und entscheide dann, ob Nichtstun wirklich eine vern\u00fcnftige Option ist.<\/strong><\/p>\n\n\n\n<hr class=\"wp-block-separator has-alpha-channel-opacity\"\/>\n\n\n\n<h3 class=\"wp-block-heading\">Das Video zur Kampagne<\/h3>\n\n\n<div class=\"epyt-video-wrapper\"><div  id=\"_ytid_17704\"  width=\"1200\" height=\"675\"  data-origwidth=\"1200\" data-origheight=\"675\" data-facadesrc=\"https:\/\/www.youtube.com\/embed\/S7RkJQIEyvE?enablejsapi=1&#038;origin=https:\/\/alpenlandmagazin.at&#038;autoplay=0&#038;cc_load_policy=0&#038;cc_lang_pref=de&#038;iv_load_policy=1&#038;loop=0&#038;rel=0&#038;fs=1&#038;playsinline=1&#038;autohide=2&#038;theme=dark&#038;color=red&#038;controls=1&#038;disablekb=0&#038;\" class=\"__youtube_prefs__ epyt-facade no-lazyload\" data-epautoplay=\"1\" ><img decoding=\"async\" data-spai-excluded=\"true\" class=\"epyt-facade-poster skip-lazy\" loading=\"lazy\"  alt=\"YouTube player\"  src=\"https:\/\/i.ytimg.com\/vi\/S7RkJQIEyvE\/maxresdefault.jpg\"  \/><button class=\"epyt-facade-play\" aria-label=\"Play\"><svg data-no-lazy=\"1\" height=\"100%\" version=\"1.1\" viewBox=\"0 0 68 48\" width=\"100%\"><path class=\"ytp-large-play-button-bg\" d=\"M66.52,7.74c-0.78-2.93-2.49-5.41-5.42-6.19C55.79,.13,34,0,34,0S12.21,.13,6.9,1.55 C3.97,2.33,2.27,4.81,1.48,7.74C0.06,13.05,0,24,0,24s0.06,10.95,1.48,16.26c0.78,2.93,2.49,5.41,5.42,6.19 C12.21,47.87,34,48,34,48s21.79-0.13,27.1-1.55c2.93-0.78,4.64-3.26,5.42-6.19C67.94,34.95,68,24,68,24S67.94,13.05,66.52,7.74z\" fill=\"#f00\"><\/path><path d=\"M 45,24 27,14 27,34\" fill=\"#fff\"><\/path><\/svg><\/button><\/div><\/div>\n\n\n<p class=\"wp-block-paragraph\"><em>Klimawandel in \u00d6sterreich: Wie viele Rekorde brauchen wir eigentlich noch?<\/em><\/p>\n\n\n\n<figure class=\"wp-block-table is-style-stripes\"><table class=\"has-fixed-layout\"><tbody><tr><td class=\"has-text-align-center\" data-align=\"center\"><img loading=\"lazy\" decoding=\"async\" width=\"150\" height=\"150\" class=\"wp-image-465\" style=\"width: 150px;\" src=\"https:\/\/alpenlandmagazin.at\/hochnachhaltig\/wp-content\/uploads\/2026\/08\/ChatGPT-Image-13.-Aug.-2026-10_46_59-1.png\" alt=\"\" srcset=\"https:\/\/alpenlandmagazin.at\/hochnachhaltig\/wp-content\/uploads\/2026\/08\/ChatGPT-Image-13.-Aug.-2026-10_46_59-1.png 1254w, https:\/\/alpenlandmagazin.at\/hochnachhaltig\/wp-content\/uploads\/2026\/08\/ChatGPT-Image-13.-Aug.-2026-10_46_59-1-300x300.png 300w, https:\/\/alpenlandmagazin.at\/hochnachhaltig\/wp-content\/uploads\/2026\/08\/ChatGPT-Image-13.-Aug.-2026-10_46_59-1-1024x1024.png 1024w, https:\/\/alpenlandmagazin.at\/hochnachhaltig\/wp-content\/uploads\/2026\/08\/ChatGPT-Image-13.-Aug.-2026-10_46_59-1-150x150.png 150w, https:\/\/alpenlandmagazin.at\/hochnachhaltig\/wp-content\/uploads\/2026\/08\/ChatGPT-Image-13.-Aug.-2026-10_46_59-1-768x768.png 768w\" sizes=\"auto, (max-width: 150px) 100vw, 150px\" \/><\/td><td class=\"has-text-align-center\" data-align=\"center\"><img loading=\"lazy\" decoding=\"async\" width=\"150\" height=\"150\" class=\"wp-image-466\" style=\"width: 150px;\" src=\"https:\/\/alpenlandmagazin.at\/hochnachhaltig\/wp-content\/uploads\/2026\/08\/ChatGPT-Image-13.-Aug.-2026-10_47_00-2.png\" alt=\"\" srcset=\"https:\/\/alpenlandmagazin.at\/hochnachhaltig\/wp-content\/uploads\/2026\/08\/ChatGPT-Image-13.-Aug.-2026-10_47_00-2.png 1254w, https:\/\/alpenlandmagazin.at\/hochnachhaltig\/wp-content\/uploads\/2026\/08\/ChatGPT-Image-13.-Aug.-2026-10_47_00-2-300x300.png 300w, https:\/\/alpenlandmagazin.at\/hochnachhaltig\/wp-content\/uploads\/2026\/08\/ChatGPT-Image-13.-Aug.-2026-10_47_00-2-1024x1024.png 1024w, https:\/\/alpenlandmagazin.at\/hochnachhaltig\/wp-content\/uploads\/2026\/08\/ChatGPT-Image-13.-Aug.-2026-10_47_00-2-150x150.png 150w, https:\/\/alpenlandmagazin.at\/hochnachhaltig\/wp-content\/uploads\/2026\/08\/ChatGPT-Image-13.-Aug.-2026-10_47_00-2-768x768.png 768w\" sizes=\"auto, (max-width: 150px) 100vw, 150px\" \/><\/td><td class=\"has-text-align-center\" data-align=\"center\"><img loading=\"lazy\" decoding=\"async\" width=\"150\" height=\"150\" class=\"wp-image-467\" style=\"width: 150px;\" src=\"https:\/\/alpenlandmagazin.at\/hochnachhaltig\/wp-content\/uploads\/2026\/08\/ChatGPT-Image-13.-Aug.-2026-10_47_00-3.png\" alt=\"\" srcset=\"https:\/\/alpenlandmagazin.at\/hochnachhaltig\/wp-content\/uploads\/2026\/08\/ChatGPT-Image-13.-Aug.-2026-10_47_00-3.png 1254w, https:\/\/alpenlandmagazin.at\/hochnachhaltig\/wp-content\/uploads\/2026\/08\/ChatGPT-Image-13.-Aug.-2026-10_47_00-3-300x300.png 300w, https:\/\/alpenlandmagazin.at\/hochnachhaltig\/wp-content\/uploads\/2026\/08\/ChatGPT-Image-13.-Aug.-2026-10_47_00-3-1024x1024.png 1024w, https:\/\/alpenlandmagazin.at\/hochnachhaltig\/wp-content\/uploads\/2026\/08\/ChatGPT-Image-13.-Aug.-2026-10_47_00-3-150x150.png 150w, https:\/\/alpenlandmagazin.at\/hochnachhaltig\/wp-content\/uploads\/2026\/08\/ChatGPT-Image-13.-Aug.-2026-10_47_00-3-768x768.png 768w\" sizes=\"auto, (max-width: 150px) 100vw, 150px\" \/><\/td><\/tr><\/tbody><\/table><\/figure>\n\n\n\n<hr class=\"wp-block-separator has-alpha-channel-opacity\"\/>\n\n\n\n<h2 class=\"wp-block-heading\">Was passiert gerade in \u00d6sterreich?<\/h2>\n\n\n\n<p class=\"wp-block-paragraph\"><strong>Stand der folgenden aktuellen Daten: 11. August 2026<\/strong><\/p>\n\n\n\n<h3 class=\"wp-block-heading\">40,3 \u00b0C \u2013 neuer \u00f6sterreichischer Julirekord<\/h3>\n\n\n\n<p class=\"wp-block-paragraph\">Am 31. Juli 2026 wurden an der Wetterstation Wieselburg in Nieder\u00f6sterreich <strong>40,3 \u00b0C<\/strong> gemessen.<\/p>\n\n\n\n<p class=\"wp-block-paragraph\">Damit wurde der bisherige \u00f6sterreichische Julirekord von 39,7 \u00b0C aus dem Jahr 1983 deutlich \u00fcbertroffen.<\/p>\n\n\n\n<p class=\"wp-block-paragraph\">Der Juli 2026 war insgesamt der <strong>viertw\u00e4rmste Juli in der 260-j\u00e4hrigen \u00f6sterreichischen Messgeschichte<\/strong>.<\/p>\n\n\n\n<blockquote class=\"wp-block-quote is-layout-flow wp-block-quote-is-layout-flow\">\n<p class=\"wp-block-paragraph\"><strong>40,3 \u00b0C<\/strong><br>Wieselburg, 31. Juli 2026<br>Neuer \u00f6sterreichischer Julirekord<\/p>\n<\/blockquote>\n\n\n\n<hr class=\"wp-block-separator has-alpha-channel-opacity\"\/>\n\n\n\n<h3 class=\"wp-block-heading\">157 Wetterstationen mit neuen Juni-Rekorden<\/h3>\n\n\n\n<p class=\"wp-block-paragraph\">Auch der Juni 2026 war au\u00dfergew\u00f6hnlich.<\/p>\n\n\n\n<p class=\"wp-block-paragraph\">An <strong>157 von 277 Wetterstationen der GeoSphere Austria<\/strong> wurden neue Rekorde beim absoluten Temperaturh\u00f6chstwert f\u00fcr einen Juni gemessen.<\/p>\n\n\n\n<p class=\"wp-block-paragraph\">112 dieser Stationen verf\u00fcgen \u00fcber Messreihen von mehr als 30 Jahren. An 45 Stationen reichen die t\u00e4glichen Temperaturaufzeichnungen mindestens 80 Jahre zur\u00fcck.<\/p>\n\n\n\n<p class=\"wp-block-paragraph\">An <strong>66 Wetterstationen<\/strong> wurde sogar ein neuer absoluter Jahresrekord gemessen.<\/p>\n\n\n\n<p class=\"wp-block-paragraph\">Das sind keine einzelnen Thermometer irgendwo auf einem hei\u00dfen Parkplatz.<\/p>\n\n\n\n<p class=\"wp-block-paragraph\">Das ist ein \u00f6sterreichweites Messnetz.<\/p>\n\n\n\n<hr class=\"wp-block-separator has-alpha-channel-opacity\"\/>\n\n\n\n<h3 class=\"wp-block-heading\">Hitzewellen dauern heute deutlich l\u00e4nger<\/h3>\n\n\n\n<p class=\"wp-block-paragraph\">Noch wichtiger als einzelne Rekordtemperaturen ist der langfristige Trend.<\/p>\n\n\n\n<p class=\"wp-block-paragraph\">Eine Analyse der GeoSphere Austria f\u00fcr die Landeshauptst\u00e4dte zeigt:<\/p>\n\n\n\n<p class=\"wp-block-paragraph\"><strong>Die st\u00e4rksten Hitzewellen dauern im heutigen Klima im Mittel rund sieben Tage l\u00e4nger als um 1960.<\/strong><\/p>\n\n\n\n<p class=\"wp-block-paragraph\">Das entspricht einer Zunahme von ungef\u00e4hr <strong>140 Prozent<\/strong>.<\/p>\n\n\n\n<p class=\"wp-block-paragraph\">Auch fl\u00e4chendeckende Auswertungen zeigen deutlich mehr extreme Hitzetage und Tropenn\u00e4chte als im Vergleichszeitraum 1961 bis 1990.<\/p>\n\n\n\n<p class=\"wp-block-paragraph\">Und genau das ist der Unterschied zwischen Wetter und Klima.<\/p>\n\n\n\n<p class=\"wp-block-paragraph\">Ein hei\u00dfer Tag ist Wetter.<\/p>\n\n\n\n<p class=\"wp-block-paragraph\"><strong>Eine \u00fcber Jahrzehnte messbare Ver\u00e4nderung ist Klima.<\/strong><\/p>\n\n\n\n<hr class=\"wp-block-separator has-alpha-channel-opacity\"\/>\n\n\n\n<h2 class=\"wp-block-heading\">Und dann fehlt auch noch das Wasser<\/h2>\n\n\n\n<p class=\"wp-block-paragraph\">2026 ist in \u00d6sterreich nicht nur au\u00dfergew\u00f6hnlich hei\u00df, sondern auch au\u00dfergew\u00f6hnlich trocken.<\/p>\n\n\n\n<p class=\"wp-block-paragraph\">Von J\u00e4nner bis Juni 2026 fiel \u00f6sterreichweit <strong>27 Prozent weniger Niederschlag<\/strong> als im Klimamittel.<\/p>\n\n\n\n<p class=\"wp-block-paragraph\">In einigen Regionen lagen die Defizite zwischen 30 und 40 Prozent, im Osten teilweise bei bis zu 50 Prozent.<\/p>\n\n\n\n<p class=\"wp-block-paragraph\">Bis Ende Juli versch\u00e4rfte sich die Situation weiter.<\/p>\n\n\n\n<p class=\"wp-block-paragraph\">Die GeoSphere Austria stellte fest, dass die <strong>ersten sieben Monate 2026 \u00f6sterreichweit zumindest seit Beginn des 20. Jahrhunderts nicht mehr so niederschlagsarm waren<\/strong>.<\/p>\n\n\n\n<p class=\"wp-block-paragraph\">Auch der Juli allein geh\u00f6rte zu den f\u00fcnf niederschlags\u00e4rmsten Julimonaten der vergangenen 169 Jahre. Auf \u00d6sterreich hochgerechnet fehlten gegen\u00fcber einer ausgeglichenen Julibilanz ungef\u00e4hr <strong>6,7 Milliarden Kubikmeter Wasser<\/strong>.<\/p>\n\n\n\n<hr class=\"wp-block-separator has-alpha-channel-opacity\"\/>\n\n\n\n<h3 class=\"wp-block-heading\">Bedeutet der Klimawandel automatisch weniger Regen?<\/h3>\n\n\n\n<p class=\"wp-block-paragraph\"><strong>Nein.<\/strong><\/p>\n\n\n\n<p class=\"wp-block-paragraph\">Und genau an dieser Stelle lohnt sich ein genauer Blick auf die Daten.<\/p>\n\n\n\n<p class=\"wp-block-paragraph\">F\u00fcr den Niederschlag im Juli zeigt die \u00f6sterreichische Messreihe laut GeoSphere Austria <strong>keinen signifikanten langfristigen Trend nach oben oder unten<\/strong>.<\/p>\n\n\n\n<p class=\"wp-block-paragraph\">Gleichzeitig ist die Temperatur in den vergangenen f\u00fcnf Jahrzehnten deutlich gestiegen. Dadurch steigt die Verdunstung.<\/p>\n\n\n\n<p class=\"wp-block-paragraph\">Die Folge: Die <strong>klimatische Wasserbilanz<\/strong> \u2013 also vereinfacht das Verh\u00e4ltnis zwischen verf\u00fcgbarem Niederschlag und Verdunstung \u2013 zeigt einen deutlich negativen Trend.<\/p>\n\n\n\n<p class=\"wp-block-paragraph\">Es w\u00e4re deshalb unseri\u00f6s zu behaupten:<\/p>\n\n\n\n<p class=\"wp-block-paragraph\"><strong>\u201eDer Klimawandel sorgt daf\u00fcr, dass es jeden Sommer weniger regnet.\u201c<\/strong><\/p>\n\n\n\n<p class=\"wp-block-paragraph\">Das sagen die Daten nicht.<\/p>\n\n\n\n<p class=\"wp-block-paragraph\">Sehr wohl belegt ist aber, dass steigende Temperaturen die Verdunstung erh\u00f6hen und Trockenheit dadurch versch\u00e4rfen k\u00f6nnen.<\/p>\n\n\n\n<hr class=\"wp-block-separator has-alpha-channel-opacity\"\/>\n\n\n\n<h2 class=\"wp-block-heading\">\u201eAber ein hei\u00dfer Sommer beweist doch keinen Klimawandel!\u201c<\/h2>\n\n\n\n<p class=\"wp-block-paragraph\">Richtig.<\/p>\n\n\n\n<p class=\"wp-block-paragraph\"><strong>Ein einzelner hei\u00dfer Tag beweist keinen Klimawandel.<\/strong><\/p>\n\n\n\n<p class=\"wp-block-paragraph\">Ein einzelner kalter Winter widerlegt ihn genauso wenig.<\/p>\n\n\n\n<p class=\"wp-block-paragraph\">Klima beschreibt langfristige statistische Ver\u00e4nderungen.<\/p>\n\n\n\n<p class=\"wp-block-paragraph\">Genau deshalb betrachten Klimaforscher:innen nicht den heutigen Nachmittag, sondern Messreihen \u00fcber Jahrzehnte.<\/p>\n\n\n\n<p class=\"wp-block-paragraph\">Und diese zeigen f\u00fcr \u00d6sterreich einen klaren Trend zu mehr extremer Hitze und l\u00e4ngeren Hitzewellen.<\/p>\n\n\n\n<p class=\"wp-block-paragraph\">Der Sommer 2026 ist deshalb nicht <em>der Beweis<\/em> f\u00fcr den Klimawandel.<\/p>\n\n\n\n<p class=\"wp-block-paragraph\">Er findet aber in einem Klima statt, das bereits deutlich w\u00e4rmer geworden ist.<\/p>\n\n\n\n<hr class=\"wp-block-separator has-alpha-channel-opacity\"\/>\n\n\n\n<h2 class=\"wp-block-heading\">\u201eDas Klima hat sich doch immer ver\u00e4ndert!\u201c<\/h2>\n\n\n\n<p class=\"wp-block-paragraph\"><strong>Ja.<\/strong><\/p>\n\n\n\n<p class=\"wp-block-paragraph\">Das Klima der Erde hat sich in ihrer Geschichte immer wieder ver\u00e4ndert.<\/p>\n\n\n\n<p class=\"wp-block-paragraph\">Daraus folgt aber nicht, dass die gegenw\u00e4rtige Erw\u00e4rmung nat\u00fcrliche Ursachen haben muss.<\/p>\n\n\n\n<p class=\"wp-block-paragraph\">Die entscheidende Frage lautet:<\/p>\n\n\n\n<p class=\"wp-block-paragraph\"><strong>Was verursacht die Erw\u00e4rmung, die wir heute beobachten?<\/strong><\/p>\n\n\n\n<p class=\"wp-block-paragraph\">Der Weltklimarat IPCC fasst den internationalen Forschungsstand dazu eindeutig zusammen:<\/p>\n\n\n\n<p class=\"wp-block-paragraph\"><strong>Menschliche Aktivit\u00e4ten, insbesondere der Aussto\u00df von Treibhausgasen, haben die gegenw\u00e4rtige globale Erw\u00e4rmung verursacht.<\/strong><\/p>\n\n\n\n<p class=\"wp-block-paragraph\">Der IPCC stuft diese Aussage als eindeutig ein.<\/p>\n\n\n\n<p class=\"wp-block-paragraph\">Es geht also nicht darum, ob sich das Klima fr\u00fcher schon ver\u00e4ndert hat.<\/p>\n\n\n\n<p class=\"wp-block-paragraph\">Es geht darum, <strong>warum es sich jetzt ver\u00e4ndert.<\/strong><\/p>\n\n\n\n<hr class=\"wp-block-separator has-alpha-channel-opacity\"\/>\n\n\n\n<h2 class=\"wp-block-heading\">\u201eCO\u2082 ist doch nat\u00fcrlich!\u201c<\/h2>\n\n\n\n<p class=\"wp-block-paragraph\">Auch das stimmt.<\/p>\n\n\n\n<p class=\"wp-block-paragraph\">CO\u2082 kommt nat\u00fcrlich in der Atmosph\u00e4re vor.<\/p>\n\n\n\n<p class=\"wp-block-paragraph\">Ohne den nat\u00fcrlichen Treibhauseffekt w\u00e4re die Erde f\u00fcr uns ein ausgesprochen ungem\u00fctlicher Ort.<\/p>\n\n\n\n<p class=\"wp-block-paragraph\">Das Problem ist nicht die Existenz von CO\u2082.<\/p>\n\n\n\n<p class=\"wp-block-paragraph\">Das Problem ist, dass menschliche Aktivit\u00e4ten die Konzentration von Treibhausgasen in der Atmosph\u00e4re erh\u00f6hen und dadurch den nat\u00fcrlichen Treibhauseffekt verst\u00e4rken.<\/p>\n\n\n\n<p class=\"wp-block-paragraph\">Der IPCC bewertet den menschlichen Einfluss auf die heutige globale Erw\u00e4rmung als eindeutig.<\/p>\n\n\n\n<p class=\"wp-block-paragraph\"><strong>Nat\u00fcrlich vorkommend bedeutet nicht automatisch harmlos.<\/strong><\/p>\n\n\n\n<p class=\"wp-block-paragraph\">Wasser ist ebenfalls nat\u00fcrlich.<\/p>\n\n\n\n<p class=\"wp-block-paragraph\">Trotzdem m\u00f6chtest Du keines in Deiner Lunge haben.<\/p>\n\n\n\n<hr class=\"wp-block-separator has-alpha-channel-opacity\"\/>\n\n\n\n<h2 class=\"wp-block-heading\">\u201e\u00d6sterreich ist doch viel zu klein, um das Klima zu retten.\u201c<\/h2>\n\n\n\n<p class=\"wp-block-paragraph\">Stimmt ebenfalls \u2013 zumindest teilweise.<\/p>\n\n\n\n<p class=\"wp-block-paragraph\">\u00d6sterreich alleine kann den globalen Klimawandel nicht stoppen.<\/p>\n\n\n\n<p class=\"wp-block-paragraph\">Ich alleine kann es auch nicht.<\/p>\n\n\n\n<p class=\"wp-block-paragraph\">Du ebenfalls nicht.<\/p>\n\n\n\n<p class=\"wp-block-paragraph\">Aber daraus folgt nicht, dass individuelles oder \u00f6sterreichisches Handeln wirkungslos w\u00e4re.<\/p>\n\n\n\n<p class=\"wp-block-paragraph\">Sonst k\u00f6nnte schlie\u00dflich jedes Land argumentieren:<\/p>\n\n\n\n<p class=\"wp-block-paragraph\"><strong>\u201eWir alleine sind nicht verantwortlich.\u201c<\/strong><\/p>\n\n\n\n<p class=\"wp-block-paragraph\">Und jeder Mensch:<\/p>\n\n\n\n<p class=\"wp-block-paragraph\"><strong>\u201eAuf mich kommt es nicht an.\u201c<\/strong><\/p>\n\n\n\n<p class=\"wp-block-paragraph\">Das Ergebnis dieser Logik ist ziemlich vorhersehbar:<\/p>\n\n\n\n<p class=\"wp-block-paragraph\"><strong>Niemand macht etwas.<\/strong><\/p>\n\n\n\n<p class=\"wp-block-paragraph\">Klimaschutz funktioniert deshalb nicht ausschlie\u00dflich \u00fcber individuelles Verhalten.<\/p>\n\n\n\n<p class=\"wp-block-paragraph\">Er ben\u00f6tigt gleichzeitig:<\/p>\n\n\n\n<ul class=\"wp-block-list\">\n<li>klimafreundlichere Technologien,<\/li>\n\n\n\n<li>geeignete Infrastruktur,<\/li>\n\n\n\n<li>politische Rahmenbedingungen,<\/li>\n\n\n\n<li>Ver\u00e4nderungen in Unternehmen und Wirtschaft<\/li>\n\n\n\n<li>und individuelle Entscheidungen.<\/li>\n<\/ul>\n\n\n\n<p class=\"wp-block-paragraph\">Der IPCC kommt zu dem Ergebnis, dass nachfrageseitige Ma\u00dfnahmen in den Bereichen Geb\u00e4ude, Landverkehr und Ern\u00e4hrung zusammen mit geeigneter Infrastruktur und Technologie ein erhebliches globales Emissionsminderungspotenzial besitzen.<\/p>\n\n\n\n<hr class=\"wp-block-separator has-alpha-channel-opacity\"\/>\n\n\n\n<h2 class=\"wp-block-heading\">Was kann ich \u00fcberhaupt tun?<\/h2>\n\n\n\n<p class=\"wp-block-paragraph\">Du musst nicht morgen Dein gesamtes Leben umstellen.<\/p>\n\n\n\n<p class=\"wp-block-paragraph\">Und Du musst auch nicht glauben, mit einem richtig getrennten Joghurtbecher pers\u00f6nlich das Weltklima zu retten.<\/p>\n\n\n\n<p class=\"wp-block-paragraph\">Es gibt aber Bereiche, in denen unsere Entscheidungen einen Unterschied machen.<\/p>\n\n\n\n<h3 class=\"wp-block-heading\">1. Energie<\/h3>\n\n\n\n<p class=\"wp-block-paragraph\">Wo es m\u00f6glich und sinnvoll ist:<\/p>\n\n\n\n<p class=\"wp-block-paragraph\"><strong>Fossile Energie reduzieren und auf emissions\u00e4rmere Energiequellen umsteigen.<\/strong><\/p>\n\n\n\n<p class=\"wp-block-paragraph\">Dazu geh\u00f6ren beispielsweise erneuerbarer Strom, effizientere Geb\u00e4ude und die Elektrifizierung von Anwendungen, die bisher fossile Brennstoffe ben\u00f6tigen.<\/p>\n\n\n\n<p class=\"wp-block-paragraph\">Der IPCC nennt hohe Energieeffizienz, erneuerbare Energieintegration und emissionsarme Energieversorgung ausdr\u00fccklich als zentrale Optionen im Geb\u00e4udebereich.<\/p>\n\n\n\n<hr class=\"wp-block-separator has-alpha-channel-opacity\"\/>\n\n\n\n<h3 class=\"wp-block-heading\">2. Mobilit\u00e4t<\/h3>\n\n\n\n<p class=\"wp-block-paragraph\">Nicht jede Autofahrt l\u00e4sst sich vermeiden.<\/p>\n\n\n\n<p class=\"wp-block-paragraph\">Nicht jeder Mensch kann mit der Stra\u00dfenbahn zur Arbeit fahren.<\/p>\n\n\n\n<p class=\"wp-block-paragraph\">Wo Alternativen bestehen, geh\u00f6ren jedoch <strong>Gehen, Radfahren und \u00f6ffentlicher Verkehr<\/strong> zu den M\u00f6glichkeiten, Verkehrsemissionen zu reduzieren.<\/p>\n\n\n\n<p class=\"wp-block-paragraph\">Auch Elektrofahrzeuge k\u00f6nnen \u2013 insbesondere bei Strom aus emissionsarmen Quellen \u2013 die Treibhausgasemissionen des Stra\u00dfenverkehrs \u00fcber den Lebenszyklus deutlich reduzieren.<\/p>\n\n\n\n<p class=\"wp-block-paragraph\">Es geht nicht um:<\/p>\n\n\n\n<p class=\"wp-block-paragraph\"><strong>Auto b\u00f6se \u2013 Fahrrad gut.<\/strong><\/p>\n\n\n\n<p class=\"wp-block-paragraph\">Es geht darum, f\u00fcr den jeweiligen Zweck eine m\u00f6glichst sinnvolle L\u00f6sung zu verwenden.<\/p>\n\n\n\n<hr class=\"wp-block-separator has-alpha-channel-opacity\"\/>\n\n\n\n<h3 class=\"wp-block-heading\">3. Ern\u00e4hrung<\/h3>\n\n\n\n<p class=\"wp-block-paragraph\">Auch Ern\u00e4hrung verursacht Treibhausgasemissionen.<\/p>\n\n\n\n<p class=\"wp-block-paragraph\">Der IPCC sieht in einer st\u00e4rkeren Orientierung an pflanzlichen Lebensmitteln und einer Verringerung besonders emissionsintensiver tierischer Lebensmittel ein relevantes Klimaschutzpotenzial.<\/p>\n\n\n\n<p class=\"wp-block-paragraph\">Das bedeutet nicht:<\/p>\n\n\n\n<p class=\"wp-block-paragraph\"><strong>Ab morgen m\u00fcssen alle vegan leben.<\/strong><\/p>\n\n\n\n<p class=\"wp-block-paragraph\">Es bedeutet:<\/p>\n\n\n\n<p class=\"wp-block-paragraph\">Auch die H\u00e4ufigkeit und Zusammensetzung unserer Ern\u00e4hrung macht einen Unterschied.<\/p>\n\n\n\n<hr class=\"wp-block-separator has-alpha-channel-opacity\"\/>\n\n\n\n<h3 class=\"wp-block-heading\">4. Weniger verschwenden<\/h3>\n\n\n\n<p class=\"wp-block-paragraph\">Produkte und Lebensmittel herzustellen ben\u00f6tigt Energie und Ressourcen.<\/p>\n\n\n\n<p class=\"wp-block-paragraph\">Lebensmittelverluste und Lebensmittelverschwendung zu reduzieren geh\u00f6rt deshalb ebenfalls zu den Klimaschutzm\u00f6glichkeiten, die der IPCC ausdr\u00fccklich nennt.<\/p>\n\n\n\n<p class=\"wp-block-paragraph\">Oft ist die nachhaltigste Anschaffung au\u00dferdem jene, die man gar nicht ben\u00f6tigt.<\/p>\n\n\n\n<hr class=\"wp-block-separator has-alpha-channel-opacity\"\/>\n\n\n\n<h3 class=\"wp-block-heading\">5. Nicht nur als Konsument:in denken<\/h3>\n\n\n\n<p class=\"wp-block-paragraph\">Vielleicht ist das sogar der wichtigste Punkt.<\/p>\n\n\n\n<p class=\"wp-block-paragraph\">Wir sind nicht nur Konsument:innen.<\/p>\n\n\n\n<p class=\"wp-block-paragraph\">Wir sind auch:<\/p>\n\n\n\n<ul class=\"wp-block-list\">\n<li>B\u00fcrger:innen,<\/li>\n\n\n\n<li>W\u00e4hler:innen,<\/li>\n\n\n\n<li>Mitarbeiter:innen,<\/li>\n\n\n\n<li>Unternehmer:innen,<\/li>\n\n\n\n<li>F\u00fchrungskr\u00e4fte,<\/li>\n\n\n\n<li>Vereinsmitglieder,<\/li>\n\n\n\n<li>Investor:innen,<\/li>\n\n\n\n<li>Kund:innen<\/li>\n\n\n\n<li>und Menschen, die andere Menschen beeinflussen.<\/li>\n<\/ul>\n\n\n\n<p class=\"wp-block-paragraph\">Klimaschutz wird nicht dadurch gel\u00f6st, dass acht Milliarden Menschen jeweils versuchen, privat vollkommen klimaneutral zu werden.<\/p>\n\n\n\n<p class=\"wp-block-paragraph\">Gesellschaftliche Ver\u00e4nderungen entstehen auch durch Infrastruktur, Unternehmen, politische Entscheidungen und soziale Normen. Der IPCC beschreibt ausdr\u00fccklich dieses Zusammenspiel zwischen individuellen Entscheidungen, Technologie, Infrastruktur und gesellschaftlichen Rahmenbedingungen.<\/p>\n\n\n\n<hr class=\"wp-block-separator has-alpha-channel-opacity\"\/>\n\n\n\n<h2 class=\"wp-block-heading\">\u201eAber es ist doch ohnehin schon zu sp\u00e4t.\u201c<\/h2>\n\n\n\n<p class=\"wp-block-paragraph\">Nein.<\/p>\n\n\n\n<p class=\"wp-block-paragraph\">Das ist vielleicht einer der gef\u00e4hrlichsten Irrt\u00fcmer in der gesamten Klimadiskussion.<\/p>\n\n\n\n<p class=\"wp-block-paragraph\">Klimawandel funktioniert nicht wie ein Lichtschalter:<\/p>\n\n\n\n<p class=\"wp-block-paragraph\"><strong>unter einem bestimmten Wert alles gut \u2013 dar\u00fcber alles verloren.<\/strong><\/p>\n\n\n\n<p class=\"wp-block-paragraph\">Der IPCC kommt zu einem wesentlich differenzierteren Ergebnis:<\/p>\n\n\n\n<p class=\"wp-block-paragraph\"><strong>Mit jedem zus\u00e4tzlichen Ausma\u00df der globalen Erw\u00e4rmung steigen mehrere Klimarisiken weiter an.<\/strong><\/p>\n\n\n\n<p class=\"wp-block-paragraph\">Umgekehrt k\u00f6nnen tiefe, schnelle und dauerhafte Emissionsreduktionen die weitere Erw\u00e4rmung begrenzen.<\/p>\n\n\n\n<p class=\"wp-block-paragraph\">Ob die Erde sich st\u00e4rker oder weniger stark erw\u00e4rmt, macht einen Unterschied.<\/p>\n\n\n\n<p class=\"wp-block-paragraph\">Deshalb macht es auch einen Unterschied, <strong>wann und wie stark Emissionen reduziert werden.<\/strong><\/p>\n\n\n\n<p class=\"wp-block-paragraph\">Nichtstun ist keine neutrale Entscheidung.<\/p>\n\n\n\n<hr class=\"wp-block-separator has-alpha-channel-opacity\"\/>\n\n\n\n<h2 class=\"wp-block-heading\">Du musst mir nichts glauben<\/h2>\n\n\n\n<p class=\"wp-block-paragraph\">Dieser Punkt ist mir wichtig.<\/p>\n\n\n\n<p class=\"wp-block-paragraph\"><strong>Glaub mir nicht, weil ich ein YouTube-Video gemacht habe.<\/strong><\/p>\n\n\n\n<p class=\"wp-block-paragraph\">Ich bin nicht Deine wissenschaftliche Quelle.<\/p>\n\n\n\n<p class=\"wp-block-paragraph\">Pr\u00fcfe stattdessen die Daten.<\/p>\n\n\n\n<p class=\"wp-block-paragraph\">F\u00fcr diese Seite verwende ich bewusst vor allem zwei Quellen:<\/p>\n\n\n\n<h4 class=\"wp-block-heading\">GeoSphere Austria<\/h4>\n\n\n\n<p class=\"wp-block-paragraph\">Die GeoSphere Austria ist \u00d6sterreichs nationaler Dienst f\u00fcr Geologie, Geophysik, Klimatologie und Meteorologie.<\/p>\n\n\n\n<p class=\"wp-block-paragraph\">Von dort stammen die \u00f6sterreichischen Messdaten auf dieser Seite.<\/p>\n\n\n\n<h4 class=\"wp-block-heading\">IPCC \u2013 Weltklimarat<\/h4>\n\n\n\n<p class=\"wp-block-paragraph\">Der Intergovernmental Panel on Climate Change bewertet und synthetisiert den internationalen wissenschaftlichen Forschungsstand zum Klimawandel.<\/p>\n\n\n\n<p class=\"wp-block-paragraph\">Von dort stammen die Aussagen \u00fcber Ursachen, Risiken und M\u00f6glichkeiten zur Begrenzung des Klimawandels.<\/p>\n\n\n\n<p class=\"wp-block-paragraph\"><strong>Wenn Du einen Fehler auf dieser Seite findest: Sag es mir.<\/strong><\/p>\n\n\n\n<p class=\"wp-block-paragraph\">Eine Klimakampagne wird nicht glaubw\u00fcrdiger, indem man Gegenargumente ignoriert.<\/p>\n\n\n\n<p class=\"wp-block-paragraph\">Sie wird glaubw\u00fcrdiger, indem Aussagen \u00fcberpr\u00fcfbar sind.<\/p>\n\n\n\n<hr class=\"wp-block-separator has-alpha-channel-opacity\"\/>\n\n\n\n<h2 class=\"wp-block-heading\">Was kannst Du jetzt tun?<\/h2>\n\n\n\n<p class=\"wp-block-paragraph\">Ich verlange von Dir kein Gel\u00fcbde.<\/p>\n\n\n\n<p class=\"wp-block-paragraph\">Du musst keinen SUV verkaufen, Dein Haus umbauen und ab morgen von Linsen leben.<\/p>\n\n\n\n<p class=\"wp-block-paragraph\">Mach etwas Einfacheres:<\/p>\n\n\n\n<h4 class=\"wp-block-heading\">1. Informiere Dich.<\/h4>\n\n\n\n<p class=\"wp-block-paragraph\">Nicht auf Basis eines Facebook-Memes \u2013 egal von welcher Seite.<\/p>\n\n\n\n<p class=\"wp-block-paragraph\">Schau Dir Originalquellen und Messdaten an.<\/p>\n\n\n\n<h4 class=\"wp-block-heading\">2. Entscheide, wo Du sinnvoll etwas ver\u00e4ndern kannst.<\/h4>\n\n\n\n<p class=\"wp-block-paragraph\">Energie?<\/p>\n\n\n\n<p class=\"wp-block-paragraph\">Mobilit\u00e4t?<\/p>\n\n\n\n<p class=\"wp-block-paragraph\">Ern\u00e4hrung?<\/p>\n\n\n\n<p class=\"wp-block-paragraph\">Konsum?<\/p>\n\n\n\n<p class=\"wp-block-paragraph\">Beruf?<\/p>\n\n\n\n<p class=\"wp-block-paragraph\">Politisches und gesellschaftliches Engagement?<\/p>\n\n\n\n<p class=\"wp-block-paragraph\">Nicht alles gleichzeitig.<\/p>\n\n\n\n<p class=\"wp-block-paragraph\">Aber auch nicht automatisch gar nichts.<\/p>\n\n\n\n<h4 class=\"wp-block-heading\">3. Rede dar\u00fcber.<\/h4>\n\n\n\n<p class=\"wp-block-paragraph\">Klimawandel verschwindet nicht dadurch, dass wir das Thema unangenehm finden.<\/p>\n\n\n\n<h4 class=\"wp-block-heading\">4. Teile diese Seite.<\/h4>\n\n\n\n<p class=\"wp-block-paragraph\">Vor allem mit jemandem, der behauptet:<\/p>\n\n\n\n<p class=\"wp-block-paragraph\"><strong>\u201eDer menschengemachte Klimawandel ist doch gar nicht bewiesen.\u201c<\/strong><\/p>\n\n\n\n<p class=\"wp-block-paragraph\">Nicht um einen Streit zu gewinnen.<\/p>\n\n\n\n<p class=\"wp-block-paragraph\">Sondern damit wir zumindest \u00fcber dieselben Fakten reden.<\/p>\n\n\n\n<hr class=\"wp-block-separator has-alpha-channel-opacity\"\/>\n\n\n\n<h2 class=\"wp-block-heading\">Nicht wegwischen.<\/h2>\n\n\n\n<p class=\"wp-block-paragraph\">Es wird weitere hei\u00dfe Tage geben.<\/p>\n\n\n\n<p class=\"wp-block-paragraph\">Es wird auch wieder kalte Tage geben.<\/p>\n\n\n\n<p class=\"wp-block-paragraph\">Es wird nasse Sommer geben und trockene Sommer.<\/p>\n\n\n\n<p class=\"wp-block-paragraph\">Keines dieser einzelnen Ereignisse ist das Klima.<\/p>\n\n\n\n<p class=\"wp-block-paragraph\">Aber hinter all diesen Wetterereignissen l\u00e4uft eine langfristige Messreihe weiter.<\/p>\n\n\n\n<p class=\"wp-block-paragraph\">Und die zeigt eine sich erw\u00e4rmende Welt.<\/p>\n\n\n\n<p class=\"wp-block-paragraph\">Die Ursache dieser globalen Erw\u00e4rmung ist wissenschaftlich gekl\u00e4rt.<\/p>\n\n\n\n<p class=\"wp-block-paragraph\">Die Frage ist deshalb nicht mehr:<\/p>\n\n\n\n<p class=\"wp-block-paragraph\"><strong>\u201eGibt es den menschengemachten Klimawandel?\u201c<\/strong><\/p>\n\n\n\n<p class=\"wp-block-paragraph\">Die sinnvollere Frage lautet:<\/p>\n\n\n\n<h2 class=\"wp-block-heading\">Was machen wir jetzt damit?<\/h2>\n\n\n\n<p class=\"wp-block-paragraph\"><strong>#NichtWegwischen<\/strong><\/p>\n\n\n\n<button type=\"button\" onclick=\"teileNichtWegwischen()\" style=\"background:none;border:0;padding:0;cursor:pointer;max-width:100%;\" aria-label=\"Kampagne #NichtWegwischen teilen\">\n  <img decoding=\"async\" src=\"https:\/\/alpenlandmagazin.at\/hochnachhaltig\/wp-content\/uploads\/2026\/08\/ChatGPT-Image-13.-Aug.-2026-12_03_08.png\" width=350 alt=\"Kampagne #NichtWegwischen teilen\" style=\"display:block;max-width:100%;height:auto;\">\n<\/button>\n\n<script>\nasync function teileNichtWegwischen() {\n  const shareData = {\n    title: '#NichtWegwischen',\n    text: 'Den Klimawandel kann man wegdiskutieren. Wegwischen kann man ihn nicht. Fakten pr\u00fcfen. Nicht wegschauen. Handeln. #NichtWegwischen',\n    url: 'https:\/\/nichtwegwischen.org\/'\n  };\n\n  if (navigator.share) {\n    try {\n      await navigator.share(shareData);\n    } catch (err) {\n      \/\/ Abbruch durch den Benutzer: keine Aktion n\u00f6tig\n    }\n  } else {\n    try {\n      await navigator.clipboard.writeText('https:\/\/nichtwegwischen.org\/');\n      alert('Der Link zur Kampagne wurde kopiert.');\n    } catch (err) {\n      window.location.href = 'https:\/\/nichtwegwischen.org\/';\n    }\n  }\n}\n<\/script>\n\n\n\n<h2 class=\"wp-block-heading\">Quellen und weiterf\u00fchrende Informationen<\/h2>\n\n\n\n<ul class=\"wp-block-list\">\n<li><strong>GeoSphere Austria:<\/strong> Klimabilanz Juli 2026 \u2013 40,3 \u00b0C in Wieselburg, viertw\u00e4rmster Juli der Messgeschichte und extreme Trockenheit.<\/li>\n\n\n\n<li><strong>GeoSphere Austria:<\/strong> Bilanz der Hitzewelle im Juni 2026 und langfristige Entwicklung \u00f6sterreichischer Hitzewellen.<\/li>\n\n\n\n<li><strong>GeoSphere Austria:<\/strong> Trockenheit 2026 und Niederschlagsdefizite in \u00d6sterreich.<\/li>\n\n\n\n<li><strong>IPCC AR6 Synthesis Report:<\/strong> Stand der Wissenschaft zu Ursachen, Folgen und zuk\u00fcnftiger Entwicklung des Klimawandels.<\/li>\n\n\n\n<li><strong>IPCC AR6 Working Group III:<\/strong> M\u00f6glichkeiten zur Reduktion von Treibhausgasemissionen.<\/li>\n<\/ul>\n\n\n\n<p class=\"wp-block-paragraph\"><em>Aktuelle Messwerte auf dieser Seite: Stand 11. August 2026.<\/em><\/p>\n","protected":false},"excerpt":{"rendered":"<p>Den Klimawandel kann man ignorieren. Verschwinden wird er davon nicht. Du kannst ein YouTube-Short mit einem Finger wegwischen. Du kannst eine unangenehme Nachricht wegklicken. Du kannst auch behaupten, der menschengemachte Klimawandel sei erfunden. Nur eines funktioniert nicht: Den Klimawandel wegwischen. Deshalb gibt es #NichtWegwischen. Diese Seite soll niemanden dazu bringen, mir etwas zu glauben. Im&hellip;&nbsp;<a href=\"https:\/\/alpenlandmagazin.at\/hochnachhaltig\/nichtwegwischen\/\" rel=\"bookmark\">Weiterlesen &raquo;<span class=\"screen-reader-text\">#NichtWegwischen \u2013 Klimawandel: Fakten statt Ausreden<\/span><\/a><\/p>\n","protected":false},"author":1,"featured_media":0,"parent":0,"menu_order":0,"comment_status":"closed","ping_status":"closed","template":"","meta":{"neve_meta_sidebar":"","neve_meta_container":"","neve_meta_enable_content_width":"","neve_meta_content_width":0,"neve_meta_title_alignment":"","neve_meta_author_avatar":"","neve_post_elements_order":"","neve_meta_disable_header":"","neve_meta_disable_footer":"","neve_meta_disable_title":"","footnotes":""},"class_list":["post-464","page","type-page","status-publish","hentry"],"yoast_head":"<!-- This site is optimized with the Yoast SEO plugin v28.2 - https:\/\/yoast.com\/product\/yoast-seo-wordpress\/ -->\n<title>#NichtWegwischen \u2013 Klimawandel: Fakten statt Ausreden - hoch.nachhaltig - Berge. Umwelt. Selbstwirksamkeit.<\/title>\n<meta name=\"description\" content=\"Klimawandel in \u00d6sterreich: aktuelle Messdaten zu Hitze und Trockenheit, Antworten auf h\u00e4ufige Einw\u00e4nde und konkrete Handlungsm\u00f6glichkeiten.\" \/>\n<meta name=\"robots\" content=\"index, follow, max-snippet:-1, max-image-preview:large, max-video-preview:-1\" \/>\n<link rel=\"canonical\" href=\"https:\/\/alpenlandmagazin.at\/hochnachhaltig\/nichtwegwischen\/\" \/>\n<meta property=\"og:locale\" content=\"de_DE\" \/>\n<meta property=\"og:type\" content=\"article\" \/>\n<meta property=\"og:title\" content=\"#NichtWegwischen \u2013 Klimawandel: Fakten statt Ausreden - hoch.nachhaltig - Berge. Umwelt. Selbstwirksamkeit.\" \/>\n<meta property=\"og:description\" content=\"Klimawandel in \u00d6sterreich: aktuelle Messdaten zu Hitze und Trockenheit, Antworten auf h\u00e4ufige Einw\u00e4nde und konkrete Handlungsm\u00f6glichkeiten.\" \/>\n<meta property=\"og:url\" content=\"https:\/\/alpenlandmagazin.at\/hochnachhaltig\/nichtwegwischen\/\" \/>\n<meta property=\"og:site_name\" content=\"hoch.nachhaltig - Berge. Umwelt. Selbstwirksamkeit.\" \/>\n<meta property=\"article:modified_time\" content=\"2026-08-16T16:13:18+00:00\" \/>\n<meta property=\"og:image\" content=\"https:\/\/alpenlandmagazin.at\/hochnachhaltig\/wp-content\/uploads\/2026\/08\/ChatGPT-Image-13.-Aug.-2026-10_46_59-1.png\" \/>\n\t<meta property=\"og:image:width\" content=\"1254\" \/>\n\t<meta property=\"og:image:height\" content=\"1254\" \/>\n\t<meta property=\"og:image:type\" content=\"image\/png\" \/>\n<meta name=\"twitter:card\" content=\"summary_large_image\" \/>\n<meta name=\"twitter:label1\" content=\"Gesch\u00e4tzte Lesezeit\" \/>\n\t<meta name=\"twitter:data1\" content=\"11\u00a0Minuten\" \/>\n<script type=\"application\/ld+json\" class=\"yoast-schema-graph\">{\"@context\":\"https:\\\/\\\/schema.org\",\"@graph\":[{\"@type\":\"WebPage\",\"@id\":\"https:\\\/\\\/alpenlandmagazin.at\\\/hochnachhaltig\\\/nichtwegwischen\\\/\",\"url\":\"https:\\\/\\\/alpenlandmagazin.at\\\/hochnachhaltig\\\/nichtwegwischen\\\/\",\"name\":\"#NichtWegwischen \u2013 Klimawandel: Fakten statt Ausreden - hoch.nachhaltig - Berge. Umwelt. Selbstwirksamkeit.\",\"isPartOf\":{\"@id\":\"https:\\\/\\\/alpenlandmagazin.at\\\/hochnachhaltig\\\/#website\"},\"primaryImageOfPage\":{\"@id\":\"https:\\\/\\\/alpenlandmagazin.at\\\/hochnachhaltig\\\/nichtwegwischen\\\/#primaryimage\"},\"image\":{\"@id\":\"https:\\\/\\\/alpenlandmagazin.at\\\/hochnachhaltig\\\/nichtwegwischen\\\/#primaryimage\"},\"thumbnailUrl\":\"https:\\\/\\\/alpenlandmagazin.at\\\/hochnachhaltig\\\/wp-content\\\/uploads\\\/2026\\\/08\\\/ChatGPT-Image-13.-Aug.-2026-10_46_59-1.png\",\"datePublished\":\"2026-08-13T10:16:13+00:00\",\"dateModified\":\"2026-08-16T16:13:18+00:00\",\"description\":\"Klimawandel in \u00d6sterreich: aktuelle Messdaten zu Hitze und Trockenheit, Antworten auf h\u00e4ufige Einw\u00e4nde und konkrete Handlungsm\u00f6glichkeiten.\",\"breadcrumb\":{\"@id\":\"https:\\\/\\\/alpenlandmagazin.at\\\/hochnachhaltig\\\/nichtwegwischen\\\/#breadcrumb\"},\"inLanguage\":\"de\",\"potentialAction\":[{\"@type\":\"ReadAction\",\"target\":[\"https:\\\/\\\/alpenlandmagazin.at\\\/hochnachhaltig\\\/nichtwegwischen\\\/\"]}]},{\"@type\":\"ImageObject\",\"inLanguage\":\"de\",\"@id\":\"https:\\\/\\\/alpenlandmagazin.at\\\/hochnachhaltig\\\/nichtwegwischen\\\/#primaryimage\",\"url\":\"https:\\\/\\\/alpenlandmagazin.at\\\/hochnachhaltig\\\/wp-content\\\/uploads\\\/2026\\\/08\\\/ChatGPT-Image-13.-Aug.-2026-10_46_59-1.png\",\"contentUrl\":\"https:\\\/\\\/alpenlandmagazin.at\\\/hochnachhaltig\\\/wp-content\\\/uploads\\\/2026\\\/08\\\/ChatGPT-Image-13.-Aug.-2026-10_46_59-1.png\",\"width\":1254,\"height\":1254},{\"@type\":\"BreadcrumbList\",\"@id\":\"https:\\\/\\\/alpenlandmagazin.at\\\/hochnachhaltig\\\/nichtwegwischen\\\/#breadcrumb\",\"itemListElement\":[{\"@type\":\"ListItem\",\"position\":1,\"name\":\"Startseite\",\"item\":\"https:\\\/\\\/alpenlandmagazin.at\\\/hochnachhaltig\\\/\"},{\"@type\":\"ListItem\",\"position\":2,\"name\":\"#NichtWegwischen \u2013 Klimawandel: Fakten statt Ausreden\"}]},{\"@type\":\"WebSite\",\"@id\":\"https:\\\/\\\/alpenlandmagazin.at\\\/hochnachhaltig\\\/#website\",\"url\":\"https:\\\/\\\/alpenlandmagazin.at\\\/hochnachhaltig\\\/\",\"name\":\"hoch.nachhaltig - Berge. Umwelt. Selbstwirksamkeit.\",\"description\":\"Wie man die Welt rettet und dabei Geld spart.\",\"publisher\":{\"@id\":\"https:\\\/\\\/alpenlandmagazin.at\\\/hochnachhaltig\\\/#\\\/schema\\\/person\\\/cde7b4195499a8410a9ab4304ba1a6fe\"},\"alternateName\":\"hoch.nachhaltig\",\"potentialAction\":[{\"@type\":\"SearchAction\",\"target\":{\"@type\":\"EntryPoint\",\"urlTemplate\":\"https:\\\/\\\/alpenlandmagazin.at\\\/hochnachhaltig\\\/?s={search_term_string}\"},\"query-input\":{\"@type\":\"PropertyValueSpecification\",\"valueRequired\":true,\"valueName\":\"search_term_string\"}}],\"inLanguage\":\"de\"},{\"@type\":[\"Person\",\"Organization\"],\"@id\":\"https:\\\/\\\/alpenlandmagazin.at\\\/hochnachhaltig\\\/#\\\/schema\\\/person\\\/cde7b4195499a8410a9ab4304ba1a6fe\",\"name\":\"Christian Schreiter\",\"image\":{\"@type\":\"ImageObject\",\"inLanguage\":\"de\",\"@id\":\"https:\\\/\\\/alpenlandmagazin.at\\\/hochnachhaltig\\\/wp-content\\\/uploads\\\/2023\\\/12\\\/logo11_4_172949.png\",\"url\":\"https:\\\/\\\/alpenlandmagazin.at\\\/hochnachhaltig\\\/wp-content\\\/uploads\\\/2023\\\/12\\\/logo11_4_172949.png\",\"contentUrl\":\"https:\\\/\\\/alpenlandmagazin.at\\\/hochnachhaltig\\\/wp-content\\\/uploads\\\/2023\\\/12\\\/logo11_4_172949.png\",\"width\":2000,\"height\":2000,\"caption\":\"Christian Schreiter\"},\"logo\":{\"@id\":\"https:\\\/\\\/alpenlandmagazin.at\\\/hochnachhaltig\\\/wp-content\\\/uploads\\\/2023\\\/12\\\/logo11_4_172949.png\"}}]}<\/script>\n<!-- \/ Yoast SEO plugin. -->","yoast_head_json":{"title":"#NichtWegwischen \u2013 Klimawandel: Fakten statt Ausreden - hoch.nachhaltig - Berge. Umwelt. Selbstwirksamkeit.","description":"Klimawandel in \u00d6sterreich: aktuelle Messdaten zu Hitze und Trockenheit, Antworten auf h\u00e4ufige Einw\u00e4nde und konkrete Handlungsm\u00f6glichkeiten.","robots":{"index":"index","follow":"follow","max-snippet":"max-snippet:-1","max-image-preview":"max-image-preview:large","max-video-preview":"max-video-preview:-1"},"canonical":"https:\/\/alpenlandmagazin.at\/hochnachhaltig\/nichtwegwischen\/","og_locale":"de_DE","og_type":"article","og_title":"#NichtWegwischen \u2013 Klimawandel: Fakten statt Ausreden - hoch.nachhaltig - Berge. Umwelt. Selbstwirksamkeit.","og_description":"Klimawandel in \u00d6sterreich: aktuelle Messdaten zu Hitze und Trockenheit, Antworten auf h\u00e4ufige Einw\u00e4nde und konkrete Handlungsm\u00f6glichkeiten.","og_url":"https:\/\/alpenlandmagazin.at\/hochnachhaltig\/nichtwegwischen\/","og_site_name":"hoch.nachhaltig - Berge. Umwelt. Selbstwirksamkeit.","article_modified_time":"2026-08-16T16:13:18+00:00","og_image":[{"width":1254,"height":1254,"url":"https:\/\/alpenlandmagazin.at\/hochnachhaltig\/wp-content\/uploads\/2026\/08\/ChatGPT-Image-13.-Aug.-2026-10_46_59-1.png","type":"image\/png"}],"twitter_card":"summary_large_image","twitter_misc":{"Gesch\u00e4tzte Lesezeit":"11\u00a0Minuten"},"schema":{"@context":"https:\/\/schema.org","@graph":[{"@type":"WebPage","@id":"https:\/\/alpenlandmagazin.at\/hochnachhaltig\/nichtwegwischen\/","url":"https:\/\/alpenlandmagazin.at\/hochnachhaltig\/nichtwegwischen\/","name":"#NichtWegwischen \u2013 Klimawandel: Fakten statt Ausreden - hoch.nachhaltig - Berge. Umwelt. Selbstwirksamkeit.","isPartOf":{"@id":"https:\/\/alpenlandmagazin.at\/hochnachhaltig\/#website"},"primaryImageOfPage":{"@id":"https:\/\/alpenlandmagazin.at\/hochnachhaltig\/nichtwegwischen\/#primaryimage"},"image":{"@id":"https:\/\/alpenlandmagazin.at\/hochnachhaltig\/nichtwegwischen\/#primaryimage"},"thumbnailUrl":"https:\/\/alpenlandmagazin.at\/hochnachhaltig\/wp-content\/uploads\/2026\/08\/ChatGPT-Image-13.-Aug.-2026-10_46_59-1.png","datePublished":"2026-08-13T10:16:13+00:00","dateModified":"2026-08-16T16:13:18+00:00","description":"Klimawandel in \u00d6sterreich: aktuelle Messdaten zu Hitze und Trockenheit, Antworten auf h\u00e4ufige Einw\u00e4nde und konkrete Handlungsm\u00f6glichkeiten.","breadcrumb":{"@id":"https:\/\/alpenlandmagazin.at\/hochnachhaltig\/nichtwegwischen\/#breadcrumb"},"inLanguage":"de","potentialAction":[{"@type":"ReadAction","target":["https:\/\/alpenlandmagazin.at\/hochnachhaltig\/nichtwegwischen\/"]}]},{"@type":"ImageObject","inLanguage":"de","@id":"https:\/\/alpenlandmagazin.at\/hochnachhaltig\/nichtwegwischen\/#primaryimage","url":"https:\/\/alpenlandmagazin.at\/hochnachhaltig\/wp-content\/uploads\/2026\/08\/ChatGPT-Image-13.-Aug.-2026-10_46_59-1.png","contentUrl":"https:\/\/alpenlandmagazin.at\/hochnachhaltig\/wp-content\/uploads\/2026\/08\/ChatGPT-Image-13.-Aug.-2026-10_46_59-1.png","width":1254,"height":1254},{"@type":"BreadcrumbList","@id":"https:\/\/alpenlandmagazin.at\/hochnachhaltig\/nichtwegwischen\/#breadcrumb","itemListElement":[{"@type":"ListItem","position":1,"name":"Startseite","item":"https:\/\/alpenlandmagazin.at\/hochnachhaltig\/"},{"@type":"ListItem","position":2,"name":"#NichtWegwischen \u2013 Klimawandel: Fakten statt Ausreden"}]},{"@type":"WebSite","@id":"https:\/\/alpenlandmagazin.at\/hochnachhaltig\/#website","url":"https:\/\/alpenlandmagazin.at\/hochnachhaltig\/","name":"hoch.nachhaltig - Berge. Umwelt. Selbstwirksamkeit.","description":"Wie man die Welt rettet und dabei Geld spart.","publisher":{"@id":"https:\/\/alpenlandmagazin.at\/hochnachhaltig\/#\/schema\/person\/cde7b4195499a8410a9ab4304ba1a6fe"},"alternateName":"hoch.nachhaltig","potentialAction":[{"@type":"SearchAction","target":{"@type":"EntryPoint","urlTemplate":"https:\/\/alpenlandmagazin.at\/hochnachhaltig\/?s={search_term_string}"},"query-input":{"@type":"PropertyValueSpecification","valueRequired":true,"valueName":"search_term_string"}}],"inLanguage":"de"},{"@type":["Person","Organization"],"@id":"https:\/\/alpenlandmagazin.at\/hochnachhaltig\/#\/schema\/person\/cde7b4195499a8410a9ab4304ba1a6fe","name":"Christian Schreiter","image":{"@type":"ImageObject","inLanguage":"de","@id":"https:\/\/alpenlandmagazin.at\/hochnachhaltig\/wp-content\/uploads\/2023\/12\/logo11_4_172949.png","url":"https:\/\/alpenlandmagazin.at\/hochnachhaltig\/wp-content\/uploads\/2023\/12\/logo11_4_172949.png","contentUrl":"https:\/\/alpenlandmagazin.at\/hochnachhaltig\/wp-content\/uploads\/2023\/12\/logo11_4_172949.png","width":2000,"height":2000,"caption":"Christian Schreiter"},"logo":{"@id":"https:\/\/alpenlandmagazin.at\/hochnachhaltig\/wp-content\/uploads\/2023\/12\/logo11_4_172949.png"}}]}},"_links":{"self":[{"href":"https:\/\/alpenlandmagazin.at\/hochnachhaltig\/wp-json\/wp\/v2\/pages\/464","targetHints":{"allow":["GET"]}}],"collection":[{"href":"https:\/\/alpenlandmagazin.at\/hochnachhaltig\/wp-json\/wp\/v2\/pages"}],"about":[{"href":"https:\/\/alpenlandmagazin.at\/hochnachhaltig\/wp-json\/wp\/v2\/types\/page"}],"author":[{"embeddable":true,"href":"https:\/\/alpenlandmagazin.at\/hochnachhaltig\/wp-json\/wp\/v2\/users\/1"}],"replies":[{"embeddable":true,"href":"https:\/\/alpenlandmagazin.at\/hochnachhaltig\/wp-json\/wp\/v2\/comments?post=464"}],"version-history":[{"count":4,"href":"https:\/\/alpenlandmagazin.at\/hochnachhaltig\/wp-json\/wp\/v2\/pages\/464\/revisions"}],"predecessor-version":[{"id":478,"href":"https:\/\/alpenlandmagazin.at\/hochnachhaltig\/wp-json\/wp\/v2\/pages\/464\/revisions\/478"}],"wp:attachment":[{"href":"https:\/\/alpenlandmagazin.at\/hochnachhaltig\/wp-json\/wp\/v2\/media?parent=464"}],"curies":[{"name":"wp","href":"https:\/\/api.w.org\/{rel}","templated":true}]}}